{"id":4933,"date":"2019-06-27T14:46:41","date_gmt":"2019-06-27T13:46:41","guid":{"rendered":"https:\/\/kwconstruction.be\/?page_id=4933"},"modified":"2025-10-14T13:18:19","modified_gmt":"2025-10-14T12:18:19","slug":"environnement","status":"publish","type":"page","link":"https:\/\/kwconstruction.be\/fr\/environnement\/","title":{"rendered":"Environnement"},"content":{"rendered":"\t\t<div data-elementor-type=\"wp-post\" data-elementor-id=\"4933\" class=\"elementor elementor-4933 elementor-4852\">\n\t\t\t\t\t\t<section class=\"elementor-section elementor-top-section elementor-element elementor-element-3d3364c elementor-section-boxed elementor-section-height-default elementor-section-height-default\" data-id=\"3d3364c\" data-element_type=\"section\">\n\t\t\t\t\t\t<div class=\"elementor-container elementor-column-gap-default\">\n\t\t\t\t\t<div class=\"elementor-column elementor-col-100 elementor-top-column elementor-element elementor-element-9ef31db\" data-id=\"9ef31db\" data-element_type=\"column\">\n\t\t\t<div class=\"elementor-widget-wrap elementor-element-populated\">\n\t\t\t\t\t\t<div class=\"elementor-element elementor-element-af52d8a elementor-widget elementor-widget-heading\" data-id=\"af52d8a\" data-element_type=\"widget\" data-widget_type=\"heading.default\">\n\t\t\t\t<div class=\"elementor-widget-container\">\n\t\t\t\t\t<h2 class=\"elementor-heading-title elementor-size-default\">\ud83c\udf0d K&amp;W s\u2019engage pour la durabilit\u00e9<\/h2>\t\t\t\t<\/div>\n\t\t\t\t<\/div>\n\t\t\t\t\t<\/div>\n\t\t<\/div>\n\t\t\t\t\t<\/div>\n\t\t<\/section>\n\t\t\t\t<section class=\"elementor-section elementor-top-section elementor-element elementor-element-50ea918 elementor-section-boxed elementor-section-height-default elementor-section-height-default\" data-id=\"50ea918\" data-element_type=\"section\">\n\t\t\t\t\t\t<div class=\"elementor-container elementor-column-gap-default\">\n\t\t\t\t\t<div class=\"elementor-column elementor-col-100 elementor-top-column elementor-element elementor-element-cf50506\" data-id=\"cf50506\" data-element_type=\"column\">\n\t\t\t<div class=\"elementor-widget-wrap elementor-element-populated\">\n\t\t\t\t\t\t<div class=\"elementor-element elementor-element-44f2ef5 elementor-widget elementor-widget-text-editor\" data-id=\"44f2ef5\" data-element_type=\"widget\" data-widget_type=\"text-editor.default\">\n\t\t\t\t<div class=\"elementor-widget-container\">\n\t\t\t\t\t\t\t\t\t<p><b>Construire de mani\u00e8re responsable\u2014pour aujourd\u2019hui, demain et les g\u00e9n\u00e9rations futures.<\/b><b><\/b><\/p>\n<p>Chez K&amp;W Construction, nous croyons que chaque entreprise doit faire sa part pour pr\u00e9server notre plan\u00e8te. Le changement climatique n\u2019est plus une menace lointaine\u2014il est visible partout dans le monde. Les scientifiques nous alertent depuis plus de 30 ans : une hausse de temp\u00e9rature de 1,5 \u00b0C repr\u00e9sente un seuil critique. \u00c0 ce rythme, nous pourrions l\u2019atteindre avant 2030. Il est urgent d\u2019agir.<\/p>\n<p>\ud83d\udd0b<b> Repenser la construction<\/b><\/p>\n<p>Dans notre secteur, cela signifie :<\/p>\n<ul>\n<li>Utiliser et r\u00e9utiliser des mat\u00e9riaux \u00e0 faible empreinte carbone<\/li>\n<li>Concevoir des b\u00e2timents autonomes et sobres en \u00e9nergie<\/li>\n<li>Installer des panneaux solaires sur chaque nouvelle construction<\/li>\n<\/ul>\n<p>Depuis 2022, nous avons vu \u00e0 quel point la d\u00e9pendance au p\u00e9trole et au gaz repr\u00e9sente un risque politique majeur pour les pays qui n\u2019en disposent pas. L\u2019approvisionnement en \u00e9nergie peut devenir un outil de chantage g\u00e9opolitique. Ce risque ne dispara\u00eetra pas avec la fin de la guerre en Ukraine\u2014il persistera tant que nous d\u00e9pendrons des combustibles fossiles.<\/p>\n<p>\u00a0<\/p>\n<p><img decoding=\"async\" class=\"alignnone wp-image-9376\" src=\"https:\/\/kwconstruction.be\/wp-content\/uploads\/2025\/10\/image1.png\" alt=\"\" width=\"80\" height=\"81\" srcset=\"https:\/\/kwconstruction.be\/wp-content\/uploads\/2025\/10\/image1.png 115w, https:\/\/kwconstruction.be\/wp-content\/uploads\/2025\/10\/image1-60x60.png 60w\" sizes=\"(max-width: 80px) 100vw, 80px\" \/><\/p>\n<p>\ud83d\ude97<b> Mobilit\u00e9 plus verte<\/b><\/p>\n<p><span class=\"Apple-converted-space\">\u00a0<\/span>Nous avons acc\u00e9l\u00e9r\u00e9 notre transition vers les v\u00e9hicules \u00e9lectriques :<\/p>\n<ul>\n<li>Fin 2024, notre flotte comptera <b>13 v\u00e9hicules \u00e9lectriques<\/b> et <b>5 hybrides<\/b><b><\/b><\/li>\n<li>Aucun v\u00e9hicule non \u00e9lectrifi\u00e9 ne reste en service<\/li>\n<\/ul>\n<p>\u00a0<\/p>\n<p><img decoding=\"async\" class=\"alignnone wp-image-9373\" src=\"https:\/\/kwconstruction.be\/wp-content\/uploads\/2025\/10\/image2.png\" alt=\"\" width=\"80\" height=\"76\" \/><\/p>\n<p>Pour compenser notre consommation d\u2019\u00e9lectricit\u00e9, nous avons install\u00e9 une centrale photovolta\u00efque de <b>80 kW<\/b> sur notre bureau et d\u00e9p\u00f4t, produisant environ <b>80 000 kWh par an<\/b>\u2014plus que notre consommation totale, y compris la recharge des v\u00e9hicules. D\u00e8s 2024, nous redistribuons le surplus vers nos chantiers.<span class=\"Apple-converted-space\">\u00a0<\/span><\/p>\t\t\t\t\t\t\t\t<\/div>\n\t\t\t\t<\/div>\n\t\t\t\t\t<\/div>\n\t\t<\/div>\n\t\t\t\t\t<\/div>\n\t\t<\/section>\n\t\t\t\t<section class=\"elementor-section elementor-top-section elementor-element elementor-element-2df93ca1 elementor-section-boxed elementor-section-height-default elementor-section-height-default\" data-id=\"2df93ca1\" data-element_type=\"section\">\n\t\t\t\t\t\t<div class=\"elementor-container elementor-column-gap-default\">\n\t\t\t\t\t<div class=\"elementor-column elementor-col-100 elementor-top-column elementor-element elementor-element-4dd46bb8\" data-id=\"4dd46bb8\" data-element_type=\"column\">\n\t\t\t<div class=\"elementor-widget-wrap elementor-element-populated\">\n\t\t\t\t\t\t<div class=\"elementor-element elementor-element-132ad596 elementor-widget elementor-widget-image\" data-id=\"132ad596\" data-element_type=\"widget\" data-widget_type=\"image.default\">\n\t\t\t\t<div class=\"elementor-widget-container\">\n\t\t\t\t\t\t\t\t\t\t\t\t\t\t\t<img fetchpriority=\"high\" decoding=\"async\" width=\"2560\" height=\"1440\" src=\"https:\/\/kwconstruction.be\/wp-content\/uploads\/2023\/09\/DJI_0008-min.jpg\" class=\"attachment-full size-full wp-image-8044\" alt=\"\" \/>\t\t\t\t\t\t\t\t\t\t\t\t\t\t\t<\/div>\n\t\t\t\t<\/div>\n\t\t\t\t\t<\/div>\n\t\t<\/div>\n\t\t\t\t\t<\/div>\n\t\t<\/section>\n\t\t\t\t<section class=\"elementor-section elementor-top-section elementor-element elementor-element-edfff88 elementor-section-boxed elementor-section-height-default elementor-section-height-default\" data-id=\"edfff88\" data-element_type=\"section\">\n\t\t\t\t\t\t<div class=\"elementor-container elementor-column-gap-default\">\n\t\t\t\t\t<div class=\"elementor-column elementor-col-100 elementor-top-column elementor-element elementor-element-f3afda6\" data-id=\"f3afda6\" data-element_type=\"column\">\n\t\t\t<div class=\"elementor-widget-wrap elementor-element-populated\">\n\t\t\t\t\t\t<div class=\"elementor-element elementor-element-5bb5e42 elementor-widget elementor-widget-text-editor\" data-id=\"5bb5e42\" data-element_type=\"widget\" data-widget_type=\"text-editor.default\">\n\t\t\t\t<div class=\"elementor-widget-container\">\n\t\t\t\t\t\t\t\t\t<p><img loading=\"lazy\" decoding=\"async\" class=\"alignnone wp-image-9370\" src=\"https:\/\/kwconstruction.be\/wp-content\/uploads\/2025\/10\/image4.png\" alt=\"\" width=\"80\" height=\"85\" \/><\/p>\n<p>\ud83c\udfe1<b> Habitat z\u00e9ro \u00e9nergie<\/b><\/p>\n<p>K&amp;W est un pionnier du logement durable.<\/p>\n<ul>\n<li>Nous avons construit et vendu <b>64 maisons z\u00e9ro \u00e9nergie<\/b><b><\/b><\/li>\n<li>En 2025, nous lan\u00e7ons notre premier <b>immeuble d\u2019appartements z\u00e9ro \u00e9nergie<\/b> (<a href=\"http:\/\/www.heris.be\">www.heris.be<\/a>)<\/li>\n<\/ul>\n<p>Notre concept combine des technologies existantes pour offrir :<\/p>\n<ul>\n<li>Un produit final rentable et de haute qualit\u00e9<\/li>\n<li>Des co\u00fbts d\u2019exploitation r\u00e9duits<\/li>\n<li>Un confort de vie sup\u00e9rieur<\/li>\n<li>Jusqu\u2019\u00e0 <b>75 % de r\u00e9duction des \u00e9missions de CO\u2082<\/b> par rapport \u00e0 la construction traditionnelle<\/li>\n<li>Un <b>gain de 3 \u00e0 6 mois<\/b> sur le temps de construction<\/li>\n<\/ul>\n<p>Nous visons \u00e0 proposer ce syst\u00e8me aux promoteurs immobiliers dans un avenir proche. Plus d\u2019infos sur <a href=\"http:\/\/www.zeroenergyhouse.be\">www.zeroenergyhouse.be<\/a>.<\/p>\n<p>\u00a0<\/p>\n<p><img loading=\"lazy\" decoding=\"async\" class=\"alignnone wp-image-9367\" src=\"https:\/\/kwconstruction.be\/wp-content\/uploads\/2025\/10\/image5.png\" alt=\"\" width=\"80\" height=\"87\" \/><\/p>\n<p>\ud83d\ude9b<b> Transport plus propre<\/b><\/p>\n<p>Pour r\u00e9duire l\u2019impact de nos camions et camionnettes :<span class=\"Apple-converted-space\">\u00a0<\/span><\/p>\n<ul>\n<li>Nous utilisons du <b>HVO-100<\/b>, un biodiesel r\u00e9duisant les \u00e9missions de CO\u2082 jusqu\u2019\u00e0 <b>90 %<\/b><b><\/b><\/li>\n<li>Consommation annuelle : <b>30 000 litres<\/b>, soit une r\u00e9duction d\u2019environ <b>75 tonnes de CO\u2082<\/b><b><\/b><\/li>\n<li>Nous utilisons encore <b>20 000 litres de diesel<\/b>, mais comptons les remplacer d\u00e8s que le HVO sera disponible en station<\/li>\n<li>En savoir plus sur le HVO-100<\/li>\n<\/ul>\n<p>\u26a1<b> Chantiers plus durables<\/b><\/p>\n<p>Depuis 2022, nous utilisons des <b>batteries Locquet<\/b> au lieu de g\u00e9n\u00e9rateurs diesel. Les avantages vont au-del\u00e0 de l\u2019environnement :<\/p>\n<ul>\n<li>Moins de bruit et d\u2019odeurs pour les ouvriers et les riverains<\/li>\n<li>Moins d\u2019entretien<\/li>\n<li>Aucun risque de vol de carburant<\/li>\n<\/ul>\n<p>Sur certains chantiers o\u00f9 l\u2019alimentation \u00e9lectrique est insuffisante, nous continuerons \u00e0 utiliser des g\u00e9n\u00e9rateurs, mais uniquement avec du <b>carburant HVO<\/b> \u00e0 partir de mi-2024.<\/p>\n<p>\ud83d\udcc9<b> Nos progr\u00e8s et objectifs<\/b><\/p>\n<p>Avec <b>Encon<\/b>, nous avons r\u00e9alis\u00e9 un bilan carbone :<\/p>\n<ul>\n<li><b>2022 :<\/b> 358 tonnes de CO\u2082 (\u00e9missions scope 1 et 2)<\/li>\n<li><b>2023 :<\/b> 263 tonnes \u2192 <b>r\u00e9duction de 25 %<\/b><b><\/b><\/li>\n<li>Depuis septembre 2023, nos \u00e9missions quotidiennes sont <b>r\u00e9duites de moiti\u00e9<\/b> par rapport \u00e0 2022<\/li>\n<\/ul>\n<p>Notre objectif :<\/p>\n<ul>\n<li><b>\u00c9liminer compl\u00e8tement les combustibles fossiles<\/b><b><\/b><\/li>\n<li>Les remplacer par de l\u2019\u00e9lectricit\u00e9 ou du HVO<\/li>\n<li>R\u00e9duire nos \u00e9missions de <b>80 %<\/b> par rapport \u00e0 2022 dans les ann\u00e9es \u00e0 venir<\/li>\n<\/ul>\t\t\t\t\t\t\t\t<\/div>\n\t\t\t\t<\/div>\n\t\t\t\t\t<\/div>\n\t\t<\/div>\n\t\t\t\t\t<\/div>\n\t\t<\/section>\n\t\t\t\t<section class=\"elementor-section elementor-top-section elementor-element elementor-element-6cfd80e0 elementor-section-boxed elementor-section-height-default elementor-section-height-default\" data-id=\"6cfd80e0\" data-element_type=\"section\">\n\t\t\t\t\t\t<div class=\"elementor-container elementor-column-gap-default\">\n\t\t\t\t\t<div class=\"elementor-column elementor-col-100 elementor-top-column elementor-element elementor-element-15a5bcc9\" data-id=\"15a5bcc9\" data-element_type=\"column\">\n\t\t\t<div class=\"elementor-widget-wrap elementor-element-populated\">\n\t\t\t\t\t\t<div class=\"elementor-element elementor-element-b80d31b elementor-widget elementor-widget-spacer\" data-id=\"b80d31b\" data-element_type=\"widget\" data-widget_type=\"spacer.default\">\n\t\t\t\t<div class=\"elementor-widget-container\">\n\t\t\t\t\t\t\t<div class=\"elementor-spacer\">\n\t\t\t<div class=\"elementor-spacer-inner\"><\/div>\n\t\t<\/div>\n\t\t\t\t\t\t<\/div>\n\t\t\t\t<\/div>\n\t\t\t\t<div class=\"elementor-element elementor-element-7166b38 elementor-widget elementor-widget-image\" data-id=\"7166b38\" data-element_type=\"widget\" data-widget_type=\"image.default\">\n\t\t\t\t<div class=\"elementor-widget-container\">\n\t\t\t\t\t\t\t\t\t\t\t\t\t\t\t<img loading=\"lazy\" decoding=\"async\" width=\"2560\" height=\"1440\" src=\"https:\/\/kwconstruction.be\/wp-content\/uploads\/2023\/09\/BV1176-luchtbeeld-Heris.jpg\" class=\"attachment-full size-full wp-image-8053\" alt=\"\" \/>\t\t\t\t\t\t\t\t\t\t\t\t\t\t\t<\/div>\n\t\t\t\t<\/div>\n\t\t\t\t\t<\/div>\n\t\t<\/div>\n\t\t\t\t\t<\/div>\n\t\t<\/section>\n\t\t\t\t<\/div>\n\t\t","protected":false},"excerpt":{"rendered":"<p>\ud83c\udf0d K&amp;W s\u2019engage pour la durabilit\u00e9 Construire de mani\u00e8re responsable\u2014pour aujourd\u2019hui, demain et les g\u00e9n\u00e9rations futures. Chez K&amp;W Construction, nous croyons que chaque entreprise doit faire sa part pour pr\u00e9server notre plan\u00e8te. Le changement climatique n\u2019est plus une menace lointaine\u2014il est visible partout dans le monde. Les scientifiques nous alertent depuis plus de 30 ans [&hellip;]<\/p>\n","protected":false},"author":9,"featured_media":0,"parent":0,"menu_order":0,"comment_status":"closed","ping_status":"closed","template":"elementor_header_footer","meta":{"inline_featured_image":false,"_monsterinsights_skip_tracking":false,"_monsterinsights_sitenote_active":false,"_monsterinsights_sitenote_note":"","_monsterinsights_sitenote_category":0,"footnotes":"","_links_to":"","_links_to_target":""},"yoast_head":"<!-- This site is optimized with the Yoast SEO plugin v24.4 - https:\/\/yoast.com\/wordpress\/plugins\/seo\/ -->\n<title>Environnement - K&amp;W Construction<\/title>\n<meta name=\"robots\" content=\"index, follow, max-snippet:-1, max-image-preview:large, max-video-preview:-1\" \/>\n<link rel=\"canonical\" href=\"https:\/\/kwconstruction.be\/fr\/environnement\/\" \/>\n<meta property=\"og:locale\" content=\"fr_FR\" \/>\n<meta property=\"og:type\" content=\"article\" \/>\n<meta property=\"og:title\" content=\"Environnement - K&amp;W Construction\" \/>\n<meta property=\"og:description\" content=\"\ud83c\udf0d K&amp;W s\u2019engage pour la durabilit\u00e9 Construire de mani\u00e8re responsable\u2014pour aujourd\u2019hui, demain et les g\u00e9n\u00e9rations futures. Chez K&amp;W Construction, nous croyons que chaque entreprise doit faire sa part pour pr\u00e9server notre plan\u00e8te. Le changement climatique n\u2019est plus une menace lointaine\u2014il est visible partout dans le monde. Les scientifiques nous alertent depuis plus de 30 ans [&hellip;]\" \/>\n<meta property=\"og:url\" content=\"https:\/\/kwconstruction.be\/fr\/environnement\/\" \/>\n<meta property=\"og:site_name\" content=\"K&amp;W Construction\" \/>\n<meta property=\"article:publisher\" content=\"https:\/\/www.facebook.com\/KW-Construction-1697933373801435\/\" \/>\n<meta property=\"article:modified_time\" content=\"2025-10-14T12:18:19+00:00\" \/>\n<meta property=\"og:image\" content=\"https:\/\/kwconstruction.be\/wp-content\/uploads\/2025\/10\/image1.png\" \/>\n\t<meta property=\"og:image:width\" content=\"115\" \/>\n\t<meta property=\"og:image:height\" content=\"116\" \/>\n\t<meta property=\"og:image:type\" content=\"image\/png\" \/>\n<meta name=\"twitter:card\" content=\"summary_large_image\" \/>\n<meta name=\"twitter:label1\" content=\"Dur\u00e9e de lecture est.\" \/>\n\t<meta name=\"twitter:data1\" content=\"5 minutes\" \/>\n<script type=\"application\/ld+json\" class=\"yoast-schema-graph\">{\"@context\":\"https:\/\/schema.org\",\"@graph\":[{\"@type\":\"WebPage\",\"@id\":\"https:\/\/kwconstruction.be\/fr\/environnement\/\",\"url\":\"https:\/\/kwconstruction.be\/fr\/environnement\/\",\"name\":\"Environnement - K&amp;W Construction\",\"isPartOf\":{\"@id\":\"https:\/\/kwconstruction.be\/fr\/#website\"},\"primaryImageOfPage\":{\"@id\":\"https:\/\/kwconstruction.be\/fr\/environnement\/#primaryimage\"},\"image\":{\"@id\":\"https:\/\/kwconstruction.be\/fr\/environnement\/#primaryimage\"},\"thumbnailUrl\":\"https:\/\/kwconstruction.be\/wp-content\/uploads\/2025\/10\/image1.png\",\"datePublished\":\"2019-06-27T13:46:41+00:00\",\"dateModified\":\"2025-10-14T12:18:19+00:00\",\"breadcrumb\":{\"@id\":\"https:\/\/kwconstruction.be\/fr\/environnement\/#breadcrumb\"},\"inLanguage\":\"fr-BE\",\"potentialAction\":[{\"@type\":\"ReadAction\",\"target\":[\"https:\/\/kwconstruction.be\/fr\/environnement\/\"]}]},{\"@type\":\"ImageObject\",\"inLanguage\":\"fr-BE\",\"@id\":\"https:\/\/kwconstruction.be\/fr\/environnement\/#primaryimage\",\"url\":\"https:\/\/kwconstruction.be\/wp-content\/uploads\/2025\/10\/image1.png\",\"contentUrl\":\"https:\/\/kwconstruction.be\/wp-content\/uploads\/2025\/10\/image1.png\"},{\"@type\":\"BreadcrumbList\",\"@id\":\"https:\/\/kwconstruction.be\/fr\/environnement\/#breadcrumb\",\"itemListElement\":[{\"@type\":\"ListItem\",\"position\":1,\"name\":\"Home\",\"item\":\"https:\/\/kwconstruction.be\/fr\/\"},{\"@type\":\"ListItem\",\"position\":2,\"name\":\"Environnement\"}]},{\"@type\":\"WebSite\",\"@id\":\"https:\/\/kwconstruction.be\/fr\/#website\",\"url\":\"https:\/\/kwconstruction.be\/fr\/\",\"name\":\"K&W Construction\",\"description\":\"Bouwonderneming\",\"publisher\":{\"@id\":\"https:\/\/kwconstruction.be\/fr\/#organization\"},\"potentialAction\":[{\"@type\":\"SearchAction\",\"target\":{\"@type\":\"EntryPoint\",\"urlTemplate\":\"https:\/\/kwconstruction.be\/fr\/?s={search_term_string}\"},\"query-input\":{\"@type\":\"PropertyValueSpecification\",\"valueRequired\":true,\"valueName\":\"search_term_string\"}}],\"inLanguage\":\"fr-BE\"},{\"@type\":\"Organization\",\"@id\":\"https:\/\/kwconstruction.be\/fr\/#organization\",\"name\":\"K&W Construction\",\"url\":\"https:\/\/kwconstruction.be\/fr\/\",\"logo\":{\"@type\":\"ImageObject\",\"inLanguage\":\"fr-BE\",\"@id\":\"https:\/\/kwconstruction.be\/fr\/#\/schema\/logo\/image\/\",\"url\":\"https:\/\/kwconstruction.be\/wp-content\/uploads\/2019\/01\/KW_logo.png\",\"contentUrl\":\"https:\/\/kwconstruction.be\/wp-content\/uploads\/2019\/01\/KW_logo.png\",\"width\":1200,\"height\":758,\"caption\":\"K&W Construction\"},\"image\":{\"@id\":\"https:\/\/kwconstruction.be\/fr\/#\/schema\/logo\/image\/\"},\"sameAs\":[\"https:\/\/www.facebook.com\/KW-Construction-1697933373801435\/\",\"https:\/\/www.linkedin.com\/company\/kwconstruction-nv\/\",\"https:\/\/www.youtube.com\/channel\/UCHxiVGvv7VdBQJ4NTgpOhdQ\"]}]}<\/script>\n<!-- \/ Yoast SEO plugin. -->","yoast_head_json":{"title":"Environnement - K&amp;W Construction","robots":{"index":"index","follow":"follow","max-snippet":"max-snippet:-1","max-image-preview":"max-image-preview:large","max-video-preview":"max-video-preview:-1"},"canonical":"https:\/\/kwconstruction.be\/fr\/environnement\/","og_locale":"fr_FR","og_type":"article","og_title":"Environnement - K&amp;W Construction","og_description":"\ud83c\udf0d K&amp;W s\u2019engage pour la durabilit\u00e9 Construire de mani\u00e8re responsable\u2014pour aujourd\u2019hui, demain et les g\u00e9n\u00e9rations futures. Chez K&amp;W Construction, nous croyons que chaque entreprise doit faire sa part pour pr\u00e9server notre plan\u00e8te. Le changement climatique n\u2019est plus une menace lointaine\u2014il est visible partout dans le monde. Les scientifiques nous alertent depuis plus de 30 ans [&hellip;]","og_url":"https:\/\/kwconstruction.be\/fr\/environnement\/","og_site_name":"K&amp;W Construction","article_publisher":"https:\/\/www.facebook.com\/KW-Construction-1697933373801435\/","article_modified_time":"2025-10-14T12:18:19+00:00","og_image":[{"width":115,"height":116,"url":"https:\/\/kwconstruction.be\/wp-content\/uploads\/2025\/10\/image1.png","type":"image\/png"}],"twitter_card":"summary_large_image","twitter_misc":{"Dur\u00e9e de lecture est.":"5 minutes"},"schema":{"@context":"https:\/\/schema.org","@graph":[{"@type":"WebPage","@id":"https:\/\/kwconstruction.be\/fr\/environnement\/","url":"https:\/\/kwconstruction.be\/fr\/environnement\/","name":"Environnement - K&amp;W Construction","isPartOf":{"@id":"https:\/\/kwconstruction.be\/fr\/#website"},"primaryImageOfPage":{"@id":"https:\/\/kwconstruction.be\/fr\/environnement\/#primaryimage"},"image":{"@id":"https:\/\/kwconstruction.be\/fr\/environnement\/#primaryimage"},"thumbnailUrl":"https:\/\/kwconstruction.be\/wp-content\/uploads\/2025\/10\/image1.png","datePublished":"2019-06-27T13:46:41+00:00","dateModified":"2025-10-14T12:18:19+00:00","breadcrumb":{"@id":"https:\/\/kwconstruction.be\/fr\/environnement\/#breadcrumb"},"inLanguage":"fr-BE","potentialAction":[{"@type":"ReadAction","target":["https:\/\/kwconstruction.be\/fr\/environnement\/"]}]},{"@type":"ImageObject","inLanguage":"fr-BE","@id":"https:\/\/kwconstruction.be\/fr\/environnement\/#primaryimage","url":"https:\/\/kwconstruction.be\/wp-content\/uploads\/2025\/10\/image1.png","contentUrl":"https:\/\/kwconstruction.be\/wp-content\/uploads\/2025\/10\/image1.png"},{"@type":"BreadcrumbList","@id":"https:\/\/kwconstruction.be\/fr\/environnement\/#breadcrumb","itemListElement":[{"@type":"ListItem","position":1,"name":"Home","item":"https:\/\/kwconstruction.be\/fr\/"},{"@type":"ListItem","position":2,"name":"Environnement"}]},{"@type":"WebSite","@id":"https:\/\/kwconstruction.be\/fr\/#website","url":"https:\/\/kwconstruction.be\/fr\/","name":"K&W Construction","description":"Bouwonderneming","publisher":{"@id":"https:\/\/kwconstruction.be\/fr\/#organization"},"potentialAction":[{"@type":"SearchAction","target":{"@type":"EntryPoint","urlTemplate":"https:\/\/kwconstruction.be\/fr\/?s={search_term_string}"},"query-input":{"@type":"PropertyValueSpecification","valueRequired":true,"valueName":"search_term_string"}}],"inLanguage":"fr-BE"},{"@type":"Organization","@id":"https:\/\/kwconstruction.be\/fr\/#organization","name":"K&W Construction","url":"https:\/\/kwconstruction.be\/fr\/","logo":{"@type":"ImageObject","inLanguage":"fr-BE","@id":"https:\/\/kwconstruction.be\/fr\/#\/schema\/logo\/image\/","url":"https:\/\/kwconstruction.be\/wp-content\/uploads\/2019\/01\/KW_logo.png","contentUrl":"https:\/\/kwconstruction.be\/wp-content\/uploads\/2019\/01\/KW_logo.png","width":1200,"height":758,"caption":"K&W Construction"},"image":{"@id":"https:\/\/kwconstruction.be\/fr\/#\/schema\/logo\/image\/"},"sameAs":["https:\/\/www.facebook.com\/KW-Construction-1697933373801435\/","https:\/\/www.linkedin.com\/company\/kwconstruction-nv\/","https:\/\/www.youtube.com\/channel\/UCHxiVGvv7VdBQJ4NTgpOhdQ"]}]}},"_links":{"self":[{"href":"https:\/\/kwconstruction.be\/fr\/wp-json\/wp\/v2\/pages\/4933"}],"collection":[{"href":"https:\/\/kwconstruction.be\/fr\/wp-json\/wp\/v2\/pages"}],"about":[{"href":"https:\/\/kwconstruction.be\/fr\/wp-json\/wp\/v2\/types\/page"}],"author":[{"embeddable":true,"href":"https:\/\/kwconstruction.be\/fr\/wp-json\/wp\/v2\/users\/9"}],"replies":[{"embeddable":true,"href":"https:\/\/kwconstruction.be\/fr\/wp-json\/wp\/v2\/comments?post=4933"}],"version-history":[{"count":41,"href":"https:\/\/kwconstruction.be\/fr\/wp-json\/wp\/v2\/pages\/4933\/revisions"}],"predecessor-version":[{"id":9399,"href":"https:\/\/kwconstruction.be\/fr\/wp-json\/wp\/v2\/pages\/4933\/revisions\/9399"}],"wp:attachment":[{"href":"https:\/\/kwconstruction.be\/fr\/wp-json\/wp\/v2\/media?parent=4933"}],"curies":[{"name":"wp","href":"https:\/\/api.w.org\/{rel}","templated":true}]}}